{"id":975,"date":"2016-12-23T13:18:05","date_gmt":"2016-12-23T12:18:05","guid":{"rendered":"http:\/\/lgd.com.pl\/?page_id=975"},"modified":"2024-08-06T11:03:34","modified_gmt":"2024-08-06T09:03:34","slug":"umowa-ramowa","status":"publish","type":"page","link":"https:\/\/lgd.com.pl\/archiwum24\/umowa-ramowa\/","title":{"rendered":"Umowa ramowa"},"content":{"rendered":"\n<p><strong>Prosz\u0119 wybra\u0107 za\u0142\u0105cznik (za\u0142\u0105czniki s\u0105 w formacie .pdf):<\/strong><\/p>\n\n\n\n<p class=\"has-text-align-center has-vivid-cyan-blue-background-color has-background\"><strong>Umowa o warunkach i sposobie realizacji strategii rozwoju lokalnego kierowanego przez spo\u0142eczno\u015b\u0107<\/strong><br><strong> z dnia 12 grudnia 2023 r<\/strong><a href=\"https:\/\/lgd.com.pl\/archiwum24\/wp-content\/uploads\/2023\/12\/Umowa-Ramowa.pdf\">.<\/a><\/p>\n\n\n\n<div class=\"wp-block-file\"><a id=\"wp-block-file--media-ccfb538a-af64-41f1-a133-b05f84a1be54\" href=\"https:\/\/lgd.com.pl\/archiwum24\/wp-content\/uploads\/2023\/12\/Umowa-Ramowa.pdf\">Umowa o warunkach i sposobie realizacji strategii rozwoju lokalnego kierowanego przez spo\u0142eczno\u015b\u0107 z dnia 12 grudnia 2023 r. <\/a><a href=\"https:\/\/lgd.com.pl\/archiwum24\/wp-content\/uploads\/2023\/12\/Umowa-Ramowa.pdf\" class=\"wp-block-file__button wp-element-button\" download aria-describedby=\"wp-block-file--media-ccfb538a-af64-41f1-a133-b05f84a1be54\">Pobierz<\/a><\/div>\n\n\n\n<div class=\"wp-block-file\"><a id=\"wp-block-file--media-837f519d-b393-4e8f-93aa-b2788eb6ac6b\" href=\"https:\/\/lgd.com.pl\/archiwum24\/wp-content\/uploads\/2024\/06\/LSR-2024-2029-maj-2024.pdf\" target=\"_blank\" rel=\"noreferrer noopener\">Lokalna Strategia Rozwoju na lata 2024-2029 (maj 2024)<\/a><a href=\"https:\/\/lgd.com.pl\/archiwum24\/wp-content\/uploads\/2024\/06\/LSR-2024-2029-maj-2024.pdf\" class=\"wp-block-file__button wp-element-button\" download aria-describedby=\"wp-block-file--media-837f519d-b393-4e8f-93aa-b2788eb6ac6b\">Pobierz<\/a><\/div>\n\n\n\n<div class=\"wp-block-file\"><a id=\"wp-block-file--media-a6c35def-013a-4f04-9343-f21a62e2e38d\" href=\"https:\/\/lgd.com.pl\/archiwum24\/wp-content\/uploads\/2024\/06\/zalaczniki-do-LSR-uzupelnienia-maj-2024.pdf\" target=\"_blank\" rel=\"noreferrer noopener\">Za\u0142\u0105czniki do LSR (maj 2024)<\/a><a href=\"https:\/\/lgd.com.pl\/archiwum24\/wp-content\/uploads\/2024\/06\/zalaczniki-do-LSR-uzupelnienia-maj-2024.pdf\" class=\"wp-block-file__button wp-element-button\" download aria-describedby=\"wp-block-file--media-a6c35def-013a-4f04-9343-f21a62e2e38d\">Pobierz<\/a><\/div>\n\n\n\n<div class=\"wp-block-file\"><a id=\"wp-block-file--media-6a460f78-0190-48e7-840b-8bc77fedffac\" href=\"https:\/\/lgd.com.pl\/archiwum24\/wp-content\/uploads\/2024\/04\/plan-komunikacji-ZAAKCEPTOWANY.pdf\" target=\"_blank\" rel=\"noreferrer noopener\">Plan komunikacji z lokaln\u0105 spo\u0142eczno\u015bci\u0105  <\/a><a href=\"https:\/\/lgd.com.pl\/archiwum24\/wp-content\/uploads\/2024\/04\/plan-komunikacji-ZAAKCEPTOWANY.pdf\" class=\"wp-block-file__button wp-element-button\" download aria-describedby=\"wp-block-file--media-6a460f78-0190-48e7-840b-8bc77fedffac\">Pobierz<\/a><\/div>\n\n\n\n<div class=\"wp-block-file\"><a id=\"wp-block-file--media-69939809-1b20-4813-9861-0d4a7194ffe4\" href=\"https:\/\/lgd.com.pl\/archiwum24\/wp-content\/uploads\/2024\/02\/Aneks-nr-1-do-Umowy.pdf\" target=\"_blank\" rel=\"noreferrer noopener\">Aneks nr 1 do Umowy<\/a><a href=\"https:\/\/lgd.com.pl\/archiwum24\/wp-content\/uploads\/2024\/02\/Aneks-nr-1-do-Umowy.pdf\" class=\"wp-block-file__button wp-element-button\" download aria-describedby=\"wp-block-file--media-69939809-1b20-4813-9861-0d4a7194ffe4\">Pobierz<\/a><\/div>\n\n\n\n<div class=\"wp-block-file\"><a id=\"wp-block-file--media-ae547689-3d00-4331-a6b1-40072ea5ecca\" href=\"https:\/\/lgd.com.pl\/archiwum24\/wp-content\/uploads\/2024\/02\/Aneks-nr-2-do-Umowy.pdf\" target=\"_blank\" rel=\"noreferrer noopener\">Aneks nr 2 do Umowy<\/a><a href=\"https:\/\/lgd.com.pl\/archiwum24\/wp-content\/uploads\/2024\/02\/Aneks-nr-2-do-Umowy.pdf\" class=\"wp-block-file__button wp-element-button\" download aria-describedby=\"wp-block-file--media-ae547689-3d00-4331-a6b1-40072ea5ecca\">Pobierz<\/a><\/div>\n\n\n\n<div class=\"wp-block-file\"><a id=\"wp-block-file--media-d679bcda-2fe9-43db-b1b6-6a1ad31534a8\" href=\"https:\/\/lgd.com.pl\/archiwum24\/wp-content\/uploads\/2024\/06\/aneks-nr-3.pdf\">Aneks nr 3 do Umowy<\/a><a href=\"https:\/\/lgd.com.pl\/archiwum24\/wp-content\/uploads\/2024\/06\/aneks-nr-3.pdf\" class=\"wp-block-file__button wp-element-button\" download aria-describedby=\"wp-block-file--media-d679bcda-2fe9-43db-b1b6-6a1ad31534a8\">Pobierz<\/a><\/div>\n\n\n\n<div class=\"wp-block-file\"><a id=\"wp-block-file--media-7c786d0c-d8aa-4435-aaa5-6341fe4e9364\" href=\"https:\/\/lgd.com.pl\/archiwum24\/wp-content\/uploads\/2024\/08\/Harmonogram-naborow-wnioskow-o-przyznanie-pomocy-III-kwartal-2024.pdf\" target=\"_blank\" rel=\"noreferrer noopener\">Harmonogram nabor\u00f3w wniosk\u00f3w o przyznanie pomocy na 2024 rok &#8211; obowi\u0105zuje od 01.08.2024 2024 r.<\/a><a href=\"https:\/\/lgd.com.pl\/archiwum24\/wp-content\/uploads\/2024\/08\/Harmonogram-naborow-wnioskow-o-przyznanie-pomocy-III-kwartal-2024.pdf\" class=\"wp-block-file__button wp-element-button\" download aria-describedby=\"wp-block-file--media-7c786d0c-d8aa-4435-aaa5-6341fe4e9364\">Pobierz<\/a><\/div>\n\n\n\n<div class=\"wp-block-file\"><a id=\"wp-block-file--media-0a3654d4-84bc-4e72-a2b4-120e45172588\" href=\"https:\/\/lgd.com.pl\/archiwum24\/wp-content\/uploads\/2024\/06\/Harmonogram-naborow-wnioskow-o-przyznanie-pomocy-II-kwartal-2024.pdf\" target=\"_blank\" rel=\"noreferrer noopener\">Harmonogram nabor\u00f3w wniosk\u00f3w o przyznanie pomocy na 2024 rok &#8211; obowi\u0105zuje od 22 maja 2024 r.(nieaktualny)<\/a><a href=\"https:\/\/lgd.com.pl\/archiwum24\/wp-content\/uploads\/2024\/06\/Harmonogram-naborow-wnioskow-o-przyznanie-pomocy-II-kwartal-2024.pdf\" class=\"wp-block-file__button wp-element-button\" download aria-describedby=\"wp-block-file--media-0a3654d4-84bc-4e72-a2b4-120e45172588\">Pobierz<\/a><\/div>\n\n\n\n<div class=\"wp-block-file\"><a id=\"wp-block-file--media-c515e17c-7e9b-4106-809c-f06cead82d95\" href=\"https:\/\/lgd.com.pl\/archiwum24\/wp-content\/uploads\/2024\/03\/Harmonogram-naborow-wnioskow-o-przyznanie-pomocy-LGD-Radziejow.pdf\" target=\"_blank\" rel=\"noreferrer noopener\">Harmonogram nabor\u00f3w wniosk\u00f3w o przyznanie pomocy na 2024 rok &#8211; LGD Radziej\u00f3w &#8211; obowi\u0105zuj\u0105cy do 21 maja 2024 r. (nieaktualny)<\/a><a href=\"https:\/\/lgd.com.pl\/archiwum24\/wp-content\/uploads\/2024\/03\/Harmonogram-naborow-wnioskow-o-przyznanie-pomocy-LGD-Radziejow.pdf\" class=\"wp-block-file__button wp-element-button\" download aria-describedby=\"wp-block-file--media-c515e17c-7e9b-4106-809c-f06cead82d95\">Pobierz<\/a><\/div>\n\n\n\n<div class=\"wp-block-file\"><a id=\"wp-block-file--media-8781b8db-8135-4006-a677-eb64d1060122\" href=\"https:\/\/lgd.com.pl\/archiwum24\/wp-content\/uploads\/2024\/04\/Harmonogram-realizacji-planu-komunikacji-na-2024-rok-zaakceptowany.pdf\" target=\"_blank\" rel=\"noreferrer noopener\">Harmonogram realizacji planu komunikacji na 2024 rok (nieaktualny)<\/a><a href=\"https:\/\/lgd.com.pl\/archiwum24\/wp-content\/uploads\/2024\/04\/Harmonogram-realizacji-planu-komunikacji-na-2024-rok-zaakceptowany.pdf\" class=\"wp-block-file__button wp-element-button\" download aria-describedby=\"wp-block-file--media-8781b8db-8135-4006-a677-eb64d1060122\">Pobierz<\/a><\/div>\n\n\n\n<p class=\"has-text-align-center has-black-color has-luminous-vivid-orange-background-color has-text-color has-background\"><mark style=\"background-color:rgba(0, 0, 0, 0)\" class=\"has-inline-color has-vivid-purple-color\"><strong>Umowa o warunkach i sposobie realizacji strategii rozwoju lokalnego kierowanego przez spo\u0142eczno\u015b\u0107 <\/strong><\/mark><br><mark style=\"background-color:rgba(0, 0, 0, 0)\" class=\"has-inline-color has-vivid-purple-color\"><strong>z dnia 19 maja 201<\/strong>6 r.<\/mark><\/p>\n\n\n\n<p><a href=\"http:\/\/lgd.com.pl\/wp-content\/uploads\/2013\/01\/umowa_ramowa.pdf\" target=\"_blank\" rel=\"noreferrer noopener\"><mark style=\"background-color:rgba(0, 0, 0, 0)\" class=\"has-inline-color has-vivid-purple-color\">Umowa o warunkach i sposobie realizacji strategii rozwoju lokalnego kierowanego przez spo\u0142eczno\u015b\u0107 z dnia 19 maja 2016 r.<\/mark><\/a><\/p>\n\n\n\n<div class=\"wp-block-file\"><a id=\"wp-block-file--media-2749a40b-89cb-4bf2-bb27-f8f7dab331f5\" href=\"https:\/\/lgd.com.pl\/archiwum24\/wp-content\/uploads\/2024\/05\/Aneks-nr-14-do-Umowy-ramowej.pdf\" target=\"_blank\" rel=\"noreferrer noopener\">Aneks nr 14 do Umowy ramowej<\/a><a href=\"https:\/\/lgd.com.pl\/archiwum24\/wp-content\/uploads\/2024\/05\/Aneks-nr-14-do-Umowy-ramowej.pdf\" class=\"wp-block-file__button wp-element-button\" download aria-describedby=\"wp-block-file--media-2749a40b-89cb-4bf2-bb27-f8f7dab331f5\">Pobierz<\/a><\/div>\n\n\n\n<div class=\"wp-block-file\"><a id=\"wp-block-file--media-43ab69ce-2391-4901-bbb3-1de836d330a3\" href=\"https:\/\/lgd.com.pl\/archiwum24\/wp-content\/uploads\/2023\/07\/Aneks-LSR-13.pdf\" target=\"_blank\" rel=\"noreferrer noopener\">Aneks nr 13 do umowy ramowej<\/a><a href=\"https:\/\/lgd.com.pl\/archiwum24\/wp-content\/uploads\/2023\/07\/Aneks-LSR-13.pdf\" class=\"wp-block-file__button wp-element-button\" download aria-describedby=\"wp-block-file--media-43ab69ce-2391-4901-bbb3-1de836d330a3\">Pobierz<\/a><\/div>\n\n\n\n<div class=\"wp-block-file\"><a id=\"wp-block-file--media-104b29ed-5909-4aac-ae53-b9d0212c5b47\" href=\"https:\/\/lgd.com.pl\/archiwum24\/wp-content\/uploads\/2023\/07\/Aneks-LSR-12.pdf\" target=\"_blank\" rel=\"noreferrer noopener\">Aneks nr 12 do umowy ramowej<\/a><a href=\"https:\/\/lgd.com.pl\/archiwum24\/wp-content\/uploads\/2023\/07\/Aneks-LSR-12.pdf\" class=\"wp-block-file__button wp-element-button\" download aria-describedby=\"wp-block-file--media-104b29ed-5909-4aac-ae53-b9d0212c5b47\">Pobierz<\/a><\/div>\n\n\n\n<div class=\"wp-block-file\"><a id=\"wp-block-file--media-f8670f4a-de35-4ce3-a416-512f7a4d8a35\" href=\"https:\/\/lgd.com.pl\/archiwum24\/wp-content\/uploads\/2021\/11\/Aneks-nr-11-do-umowy-ramowej.pdf\" target=\"_blank\" rel=\"noreferrer noopener\">Aneks nr 11 do umowy-ramowej (data publikacji 15.11.2021 r.)<\/a><a href=\"https:\/\/lgd.com.pl\/archiwum24\/wp-content\/uploads\/2021\/11\/Aneks-nr-11-do-umowy-ramowej.pdf\" class=\"wp-block-file__button wp-element-button\" download aria-describedby=\"wp-block-file--media-f8670f4a-de35-4ce3-a416-512f7a4d8a35\">Pobierz<\/a><\/div>\n\n\n\n<div class=\"wp-block-file\"><a id=\"wp-block-file--media-32a877e8-ed1c-493a-9c60-d0939ec8c029\" href=\"https:\/\/lgd.com.pl\/archiwum24\/wp-content\/uploads\/2021\/11\/Aneks-nr-10-do-umowy-ramowej.pdf\" target=\"_blank\" rel=\"noreferrer noopener\">Aneks nr 10 do umowy ramowej<\/a><a href=\"https:\/\/lgd.com.pl\/archiwum24\/wp-content\/uploads\/2021\/11\/Aneks-nr-10-do-umowy-ramowej.pdf\" class=\"wp-block-file__button wp-element-button\" download aria-describedby=\"wp-block-file--media-32a877e8-ed1c-493a-9c60-d0939ec8c029\">Pobierz<\/a><\/div>\n\n\n\n<div class=\"wp-block-file\"><a id=\"wp-block-file--media-63c32109-cdb0-4170-a834-05a49724abaf\" href=\"https:\/\/lgd.com.pl\/archiwum24\/wp-content\/uploads\/2020\/07\/aneks-nr-9.pdf\" target=\"_blank\" rel=\"noreferrer noopener\">Aneks nr 9 do Umowy (data publikacji 24 lipca 2020 r.)<\/a><\/div>\n\n\n\n<div class=\"wp-block-file\"><a id=\"wp-block-file--media-04f75206-14d2-4572-8c09-3cd0b8cc7024\" href=\"https:\/\/lgd.com.pl\/archiwum24\/wp-content\/uploads\/2019\/11\/aneks-8-lsr.pdf\" target=\"_blank\" rel=\"noreferrer noopener\">Aneks nr 8 do Umowy (data publikacji 28 listopada 2019 r.)<\/a><\/div>\n\n\n\n<p><a href=\"https:\/\/lgd.com.pl\/archiwum24\/wp-content\/uploads\/2019\/02\/aneks-7.pdf\"><span class=\"has-inline-color has-very-dark-gray-color\">Aneks nr 7 do Umowy<\/span><\/a><\/p>\n\n\n\n<p><a href=\"https:\/\/lgd.com.pl\/archiwum24\/wp-content\/uploads\/2019\/01\/aneks-nr-6.pdf\"><span class=\"has-inline-color has-very-dark-gray-color\">Aneks nr 6 do Umowy<\/span><\/a><\/p>\n\n\n\n<p><a href=\"https:\/\/lgd.com.pl\/archiwum24\/wp-content\/uploads\/2018\/10\/aneks-nr-5-do-LSR.pdf\"><span class=\"has-inline-color has-very-dark-gray-color\">Aneks nr 5 do Umowy<\/span><\/a><\/p>\n\n\n\n<p><a href=\"http:\/\/lgd.com.pl\/wp-content\/uploads\/2018\/05\/Aneks-nr-4.pdf\"><span class=\"has-inline-color has-very-dark-gray-color\">Aneks nr 4 do Umowy<\/span><\/a><\/p>\n\n\n\n<p><a href=\"http:\/\/lgd.com.pl\/wp-content\/uploads\/2016\/12\/aneks_nr_3_do_LSR.pdf\"><span class=\"has-inline-color has-very-dark-gray-color\">Aneks nr 3 do Umowy<\/span><\/a><\/p>\n\n\n\n<p><a href=\"http:\/\/lgd.com.pl\/wp-content\/uploads\/2016\/12\/Aneks_nr_2_do_LSR.pdf\"><span class=\"has-inline-color has-very-dark-gray-color\">Aneks nr 2 do Umowy<\/span><\/a><\/p>\n\n\n\n<p><a href=\"http:\/\/lgd.com.pl\/wp-content\/uploads\/2016\/12\/3_aneks_1_LSR.pdf\"><span class=\"has-inline-color has-very-dark-gray-color\">Aneks nr 1 do Umowy<\/span><\/a><\/p>\n\n\n\n<p class=\"has-luminous-vivid-amber-background-color has-background\">Za\u0142\u0105czniki do Umowy <mark style=\"background-color:rgba(0, 0, 0, 0)\" class=\"has-inline-color has-vivid-purple-color\"><strong>z dnia 19 maja 201<\/strong>6 r.<\/mark>:<\/p>\n\n\n\n<p class=\"has-text-align-left has-pale-cyan-blue-background-color has-background\"><strong>1. Lokalna Strategia Rozwoju<\/strong><\/p>\n\n\n\n<div class=\"wp-block-file\"><a id=\"wp-block-file--media-b747eea4-42cc-4c0d-890c-87d6b8e2d1ec\" href=\"https:\/\/lgd.com.pl\/archiwum24\/wp-content\/uploads\/2021\/11\/LSR-przewalutowanie-2021.pdf\" target=\"_blank\" rel=\"noreferrer noopener\"> Lokalna Strategia Rozwoju- dokument obowi\u0105zuj\u0105cy od 10 listopada 2021 r. (data publikacji 15 listopada 2021 r.)<\/a><a href=\"https:\/\/lgd.com.pl\/archiwum24\/wp-content\/uploads\/2021\/11\/LSR-przewalutowanie-2021.pdf\" class=\"wp-block-file__button wp-element-button\" download aria-describedby=\"wp-block-file--media-b747eea4-42cc-4c0d-890c-87d6b8e2d1ec\">Pobierz<\/a><\/div>\n\n\n\n<div class=\"wp-block-file\"><a id=\"wp-block-file--media-38c3048c-27ee-4b64-a4dc-b4a37fdd71b4\" href=\"https:\/\/lgd.com.pl\/archiwum24\/wp-content\/uploads\/2020\/07\/LSR-_aneks_9.pdf\" target=\"_blank\" rel=\"noreferrer noopener\"><strong><span class=\"has-inline-color has-vivid-purple-color\">Lokalna Strategia Rozwoju- dokument obowi\u0105zuj\u0105cy od 22 lipca 2020 r. (data publikacji 22 lipca 2020 r.)<\/span><\/strong><\/a><\/div>\n\n\n\n<div class=\"wp-block-file\"><a id=\"wp-block-file--media-cecd1571-1936-4f7d-adde-ffbd26252982\" href=\"https:\/\/lgd.com.pl\/archiwum24\/wp-content\/uploads\/2019\/11\/LSR-pa\u017adziernik-2019-zwi\u0119kszona-kwota-RPO.pdf\" target=\"_blank\" rel=\"noreferrer noopener\">Lokalna Strategia Rozwoju- dokument obowi\u0105zuj\u0105cy od 26 listopada 2019 r. do 21 lipca 2020 r.  <br>(data publikacji 28 listopada 2019 r.)<\/a><\/div>\n\n\n\n<p><a href=\"https:\/\/lgd.com.pl\/archiwum24\/wp-content\/uploads\/2019\/09\/lsr-czerwiec-2019.pdf\"><span class=\"has-inline-color has-very-dark-gray-color\">Lokalna Strategia Rozwoju &#8211; dokument obowi\u0105zuj\u0105cy od 4 lipca 2019 r.do 25 listopada 2019 r.<\/span><\/a><\/p>\n\n\n\n<p><a href=\"https:\/\/lgd.com.pl\/archiwum24\/wp-content\/uploads\/2019\/01\/lsr-grudzie\u0144-2018.pdf\"><span class=\"has-inline-color has-very-dark-gray-color\">Lokalna Strategia Rozwoju &#8211; dokument obowi\u0105zuj\u0105cy od 24 stycznia 2019 r. do 3 lipca 2019 r.<\/span><\/a><\/p>\n\n\n\n<p><a href=\"http:\/\/lgd.com.pl\/wp-content\/uploads\/2018\/06\/lsr-luty-2018.pdf\"><span class=\"has-inline-color has-very-dark-gray-color\">Lokalna Strategia Rozwoju &#8211; dokument obowi\u0105zuj\u0105cy od 9 kwietnia 2018 r. do 23 stycznia 2019 r.<\/span><\/a><\/p>\n\n\n\n<p><a href=\"http:\/\/lgd.com.pl\/wp-content\/uploads\/2016\/12\/LSR-pa\u017adziernik-2016.pdf\"><span class=\"has-inline-color has-very-dark-gray-color\">Lokalna Strategia Rozwoju &#8211; dokument obowi\u0105zuj\u0105cy od 4 stycznia 2017 r. do 8 kwietnia 2018 r. &#8211; dokument archiwalny<\/span><\/a><\/p>\n\n\n\n<p><a href=\"http:\/\/lgd.com.pl\/wp-content\/uploads\/2016\/12\/LSR_czerwiec_2016.pdf\"><span class=\"has-inline-color has-very-dark-gray-color\">Lokalna Strategia Rozwoju &#8211; dokument archiwalny<\/span><\/a><a rel=\"noreferrer noopener\" href=\"http:\/\/lgd.com.pl\/wp-content\/uploads\/2013\/01\/1_LSR.pdf\" target=\"_blank\"><\/a><\/p>\n\n\n\n<p><a rel=\"noreferrer noopener\" href=\"http:\/\/lgd.com.pl\/wp-content\/uploads\/2013\/01\/1_LSR.pdf\" target=\"_blank\"><span class=\"has-inline-color has-very-dark-gray-color\">Lokalna Strategia Rozwoju na lata 2016-2023 &#8211; dokument archiwalny<\/span><\/a><\/p>\n\n\n\n<p class=\"has-pale-cyan-blue-background-color has-background\">2. <strong>Harmonogram planowanych nabor\u00f3w<\/strong><\/p>\n\n\n\n<div class=\"wp-block-file\"><a id=\"wp-block-file--media-bee00a3a-bfb6-43e1-ac72-a140d5e506eb\" href=\"https:\/\/lgd.com.pl\/archiwum24\/wp-content\/uploads\/2024\/04\/Harmonogram-marzec-2024.pdf\" target=\"_blank\" rel=\"noreferrer noopener\">Harmonogram planowanych nabor\u00f3w &#8211; dokument obowi\u0105zuj\u0105cy<\/a><a href=\"https:\/\/lgd.com.pl\/archiwum24\/wp-content\/uploads\/2024\/04\/Harmonogram-marzec-2024.pdf\" class=\"wp-block-file__button wp-element-button\" download aria-describedby=\"wp-block-file--media-bee00a3a-bfb6-43e1-ac72-a140d5e506eb\">Pobierz<\/a><\/div>\n\n\n\n<div class=\"wp-block-file\"><a id=\"wp-block-file--media-b87727f0-0fde-4f50-89fa-b173a9a28193\" href=\"https:\/\/lgd.com.pl\/archiwum24\/wp-content\/uploads\/2021\/11\/Harmonogram-wrzesnien-2021.pdf\" target=\"_blank\" rel=\"noreferrer noopener\">Harmonogram planowanych nabor\u00f3w &#8211; dokument archiwalny- data publikacji 15.11.2021 r. <\/a><a href=\"https:\/\/lgd.com.pl\/archiwum24\/wp-content\/uploads\/2021\/11\/Harmonogram-wrzesnien-2021.pdf\" class=\"wp-block-file__button wp-element-button\" download aria-describedby=\"wp-block-file--media-b87727f0-0fde-4f50-89fa-b173a9a28193\">Pobierz<\/a><\/div>\n\n\n\n<div class=\"wp-block-file\"><a id=\"wp-block-file--media-6668d201-9d5c-4cc8-9a99-66ef1fe2771c\" href=\"https:\/\/lgd.com.pl\/archiwum24\/wp-content\/uploads\/2021\/03\/Harmonogram-marzec-2021.pdf\">Harmonogram planowanych nabor\u00f3w \u2013 dokument archiwalny \u2013 data publikacji 16 marca 2021 r.<\/a><a href=\"https:\/\/lgd.com.pl\/archiwum24\/wp-content\/uploads\/2021\/03\/Harmonogram-marzec-2021.pdf\" class=\"wp-block-file__button wp-element-button\" download aria-describedby=\"wp-block-file--media-6668d201-9d5c-4cc8-9a99-66ef1fe2771c\">Pobierz<\/a><\/div>\n\n\n\n<div class=\"wp-block-file\"><a id=\"wp-block-file--media-7a2e5f15-db9f-4192-b573-ef2f028e6787\" href=\"https:\/\/lgd.com.pl\/archiwum24\/wp-content\/uploads\/2020\/12\/harmonogram-listopad-2020.pdf\" target=\"_blank\" rel=\"noreferrer noopener\"><mark style=\"background-color:rgba(0, 0, 0, 0)\" class=\"has-inline-color has-black-color\">Harmonogram planowanych nabor\u00f3w \u2013 dokument archiwalny<\/mark><\/a><\/div>\n\n\n\n<div class=\"wp-block-file\"><a id=\"wp-block-file--media-76ec0faa-6ca7-4f79-be2d-dec3ebcbb259\" href=\"https:\/\/lgd.com.pl\/archiwum24\/wp-content\/uploads\/2020\/07\/harmonogramie-nabor\u00f3w-czerwiec-2020.pdf\" target=\"_blank\" rel=\"noreferrer noopener\"><mark style=\"background-color:rgba(0, 0, 0, 0)\" class=\"has-inline-color has-black-color\">Harmonogram planowanych nabor\u00f3w &#8211; dokument obowi\u0105zuj\u0105cy od 9 lipca 2020 r.  &#8211; data publikacji 9 lipca 2020 r.<\/mark> (dokument archiwalny)<\/a><\/div>\n\n\n\n<div class=\"wp-block-file\"><a id=\"wp-block-file--media-89657b13-2719-46b8-9d43-d1bb8a1698fb\" href=\"https:\/\/lgd.com.pl\/archiwum24\/wp-content\/uploads\/2020\/02\/1.harmonogramie-nabor\u00f3w.pdf\" target=\"_blank\" rel=\"noreferrer noopener\">Harmonogram planowanych nabor\u00f3w &#8211; dokument obowi\u0105zuj\u0105cy od 4 lutego 2020 r.  &#8211; data publikacji 4 lutego 2020 r. (dokument archiwalny)<\/a><\/div>\n\n\n\n<div class=\"wp-block-file\"><a id=\"wp-block-file--media-c31c182b-1c76-4096-9b24-716c732f4fe2\" href=\"https:\/\/lgd.com.pl\/archiwum24\/wp-content\/uploads\/2019\/12\/14.-harmonogramie-nabor\u00f3w.pdf\">Harmonogram planowanych nabor\u00f3w &#8211; dokument obowi\u0105zuj\u0105cy od 18 grudnia 2019 r.  &#8211; data publikacji 20 grudnia 2019 r. &#8211; dokument archiwalny<\/a><\/div>\n\n\n\n<p class=\"has-very-dark-gray-color has-text-color\"><a href=\"https:\/\/lgd.com.pl\/archiwum24\/wp-content\/uploads\/2019\/06\/3.harmonogram-maj-2019.pdf\">Harmonogram planowanych nabor\u00f3w &#8211; dokument obowi\u0105zuj\u0105cy od 13 czerwca 2019 r.<\/a>&#8211; dokument archiwalny<\/p>\n\n\n\n<p class=\"has-very-dark-gray-color has-text-color\"><a href=\"https:\/\/lgd.com.pl\/archiwum24\/wp-content\/uploads\/2019\/02\/harmonogram-29.10.2018.pdf\">Harmonogram planowanych nabor\u00f3w &#8211; dokument obowi\u0105zuj\u0105cy od 27 listopada 2018 r. &#8211; dokument archiwalny<\/a> <\/p>\n\n\n\n<p class=\"has-very-dark-gray-color has-text-color\"><a href=\"http:\/\/lgd.com.pl\/wp-content\/uploads\/2018\/06\/harm-maj-18.pdf\">Harmonogram planowanych nabor\u00f3w &#8211; dokument obowi\u0105zuj\u0105cy od 7 czerwca 2018 r. &#8211; dokument archiwalny<\/a><\/p>\n\n\n\n<p class=\"has-very-dark-gray-color has-text-color\"><a href=\"http:\/\/lgd.com.pl\/wp-content\/uploads\/2018\/01\/harmonogram.pdf\">Harmonogram planowanych nabor\u00f3w &#8211; dokument archiwalny &#8211; obowi\u0105zuj\u0105cy od 27 grudnia 2017 r. do 6 czerwca 2018 r. <\/a><br><a href=\"http:\/\/lgd.com.pl\/wp-content\/uploads\/2016\/12\/Zalacznik_nr_1_do_Umowy_ramowej_Harmonogram_naborow_wnioskow_maj-2017.pdf\">Harmonogram planowanych nabor\u00f3w &#8211; dokument obowi\u0105zuj\u0105cy od 7 czerwca 2017 r. &#8211; dokument archiwalny<\/a><br><a href=\"http:\/\/lgd.com.pl\/wp-content\/uploads\/2016\/12\/Zalacznik_nr_2_do_Umowy_ramowej_Harmonogram_naborow_wnioskow_grudzie\u01442016.pdf\">Harmonogram planowanych nabor\u00f3w &#8211; dokument obowi\u0105zuj\u0105cy od 7 kwietnia 2017 r. &#8211; dokument archiwalny<br><\/a><a href=\"http:\/\/lgd.com.pl\/wp-content\/uploads\/2016\/12\/harmonogram_naborow_10.pdf\">Harmonogram planowanych nabor\u00f3w &#8211; dokument archiwalny<\/a><br><a href=\"http:\/\/lgd.com.pl\/wp-content\/uploads\/2013\/01\/2_harmonogram_1.jpg\" target=\"_blank\" rel=\"noreferrer noopener\">Harmonogram naboru wniosk\u00f3w o udzielenie wsparcia na wdra\u017canie operacji w ramach LSR &#8211; dokument archiwalny<br><\/a><a href=\"http:\/\/lgd.com.pl\/wp-content\/uploads\/2013\/01\/2_harmonogram_2.jpg\" target=\"_blank\" rel=\"noreferrer noopener\">Harmonogram &#8211; str.2 &#8211; dokument archiwalny<\/a><\/p>\n\n\n\n<p class=\"has-pale-cyan-blue-background-color has-background\"><strong>3. Procedury wyboru i oceny operacji w ramach LSR<\/strong><\/p>\n\n\n\n<p class=\"has-very-dark-gray-color has-text-color\"><a href=\"https:\/\/lgd.com.pl\/archiwum24\/wp-content\/uploads\/2019\/06\/Procedura_wyboru_oceny_operacji_PROW-RPO-maj-2019.-doc.pdf\"><span class=\"has-inline-color has-vivid-purple-color\">Procedury wyboru i oceny operacji w ramach LSR &#8211; dokument obowi\u0105zuj\u0105cy od 13 czerwca 2019 r.<\/span><\/a><\/p>\n\n\n\n<div class=\"wp-block-file\"><a id=\"wp-block-file--media-489477bc-e1c6-4dd0-8489-821cff558516\" href=\"https:\/\/lgd.com.pl\/archiwum24\/wp-content\/uploads\/2021\/02\/4a.weryfikacja-wstepna-prow-zmina-wytycznej-2020.xls\">Obowi\u0105zuj\u0105ca Karta weryfikacji wst\u0119pnej PROW 2014-2020 &#8211; aktualizacja 28 stycznia 2021 r.<\/a><a href=\"https:\/\/lgd.com.pl\/archiwum24\/wp-content\/uploads\/2021\/02\/4a.weryfikacja-wstepna-prow-zmina-wytycznej-2020.xls\" class=\"wp-block-file__button wp-element-button\" download aria-describedby=\"wp-block-file--media-489477bc-e1c6-4dd0-8489-821cff558516\">Pobierz<\/a><\/div>\n\n\n\n<div class=\"wp-block-file\"><a id=\"wp-block-file--media-cc13862f-b02d-456d-af17-da74e313b271\" href=\"https:\/\/lgd.com.pl\/archiwum24\/wp-content\/uploads\/2019\/12\/karta-weryfikacji-wst\u0119pnej-oraz-instrukcja.7z\"><strong><span class=\"has-inline-color has-vivid-purple-color\">Karta weryfikacji wst\u0119pnej dla projekt\u00f3w realizowanych w ramach \u015brodk\u00f3w PRO WK-P 2014 &#8211; 2020 wraz z instrukcj\u0105 wype\u0142niania &#8211; aktualizacja 28.11.2019 r.<\/span><\/strong><\/a><\/div>\n\n\n\n<p class=\"has-pale-cyan-blue-background-color has-background\"><a href=\"https:\/\/lgd.com.pl\/archiwum24\/wp-content\/uploads\/2019\/06\/procedura-konkursy-2019.7z\">Za\u0142\u0105czniki do procedury &#8211; obowi\u0105zuj\u0105ce od 13 czerwca 2019 r.<\/a><\/p>\n\n\n\n<p><a href=\"http:\/\/lgd.com.pl\/wp-content\/uploads\/2018\/06\/Procedura_wyboru_oceny_operacji_PROW-RPO-maj-2018.pdf\">Procedury wyboru i oceny operacji w ramach LSR &#8211; dokument obowi\u0105zuj\u0105cy od 30 maja 2018 r.<\/a> &#8211; dokument archiwalny<\/p>\n\n\n\n<p><a href=\"http:\/\/lgd.com.pl\/wp-content\/uploads\/2018\/06\/za\u0142\u0105czniki-do-umowy-maj-2018.zip\">Za\u0142\u0105czniki do procedury &#8211; obowi\u0105zuj\u0105ce od 30 maja 2018 r. (ZIP) &#8211; dokument archiwalny<\/a><\/p>\n\n\n\n<p><a href=\"http:\/\/lgd.com.pl\/wp-content\/uploads\/2017\/12\/Procedura_wyboru_oceny_operacji_PROW-RPO-listopad.pdf\">Procedury wyboru i oceny operacji w ramach LSR &#8211; dokument obowi\u0105zuj\u0105cy od 29 listopada 2017 r. do 29 maja 2018 r. &#8211; dokument archiwalny<br><\/a><a href=\"http:\/\/lgd.com.pl\/wp-content\/uploads\/2017\/12\/za\u0142\u0105czniki-do-procedury-pdf.7z\">Za\u0142\u0105czniki do procedury &#8211; obowi\u0105zuj\u0105ce od 29 listopada 2017 r. do 29 maja 2018 r. &#8211; dokumenty archiwalne<br><\/a><a href=\"http:\/\/lgd.com.pl\/wp-content\/uploads\/2016\/12\/Procedura_wyboru_oceny_operacji_maj.pdf\">Procedury wyboru i oceny operacji w ramach LSR &#8211; dokument obowi\u0105zuj\u0105cy od 7 czerwca 2017 r. &#8211; dokument archiwalny<br><\/a><a href=\"http:\/\/lgd.com.pl\/wp-content\/uploads\/2016\/12\/zmiany-dokument\u00f3w-luty-2017.zip\">Za\u0142\u0105czniki do procedury &#8211; obowi\u0105zuj\u0105ce od 7 czerwca 2017 r. &#8211; dokumenty archiwalne<br><\/a><a href=\"http:\/\/lgd.com.pl\/wp-content\/uploads\/2016\/12\/Procedura_wyboru_oceny_operacji_P.pdf\">Procedury wyboru i oceny operacji w ramach LSR &#8211; dokument obowi\u0105zuj\u0105cy od 7 kwietnia 2017 r. &#8211; dokument archiwalny<br><\/a><a href=\"http:\/\/lgd.com.pl\/wp-content\/uploads\/2016\/12\/za\u0142\u0105czniki-do-procedury.7z\">Za\u0142\u0105czniki do procedury &#8211; obowi\u0105zuj\u0105ce od 7 kwietnia 2017 r. &#8211; dokument archiwalny<br><\/a><a href=\"http:\/\/lgd.com.pl\/wp-content\/uploads\/2013\/01\/3_procedury_wyboru_LSR.pdf\" target=\"_blank\" rel=\"noreferrer noopener\">Procedury wyboru i oceny operacji w ramach LSR &#8211; dokument archiwalny<\/a><\/p>\n\n\n\n<p class=\"has-pale-cyan-blue-background-color has-background\"><strong>4. Regulamin organu decyzyjnego<\/strong><\/p>\n\n\n<p><span style=\"color: #ff0000; background-color: #ffffff;\"><a style=\"color: #ff0000; background-color: #ffffff;\" href=\"http:\/\/lgd.com.pl\/wp-content\/uploads\/2018\/06\/Regulamin-Rady-LGD-maj-2018.pdf\"><span style=\"color: #000000;\">Regulamin organu decyzyjnego &#8211; dokument obowi\u0105zuj\u0105cy od 30 maja 2018 r.<\/span> <\/a><\/span><\/p>\n<p><span style=\"color: #000000;\"><a style=\"color: #000000;\" href=\"http:\/\/lgd.com.pl\/wp-content\/uploads\/2017\/12\/Regulamin-Rady-LGD-listopad-2017_P.pdf\">Regulamin organu decyzyjnego &#8211; dokument obowi\u0105zuj\u0105cy od 29 listopada 2017 r. do 29 maja 2018 r.&nbsp;<\/a><\/span>-dokument archiwalny<\/p>\n<p><a href=\"http:\/\/lgd.com.pl\/wp-content\/uploads\/2016\/12\/Regulamin-Rady-LGD-marzec-2017_P.pdf\"><span style=\"color: #003300;\">Regulamin organu decyzyjnego &#8211; dokument obowi\u0105zuj\u0105cy od 7 kwietnia 2017 r. &#8211; dokument archiwalny<\/span><\/a><br \/><span style=\"color: #003300;\"><a style=\"color: #003300;\" href=\"http:\/\/lgd.com.pl\/wp-content\/uploads\/2016\/12\/regulamin_rady_grudzien_2015.pdf\">Regulamin organu decyzyjnego &#8211; dokument archiwalny<\/a><\/span><\/p>\n\n\n<p class=\"has-pale-cyan-blue-background-color has-background\">5. <strong>Kryteria wyboru operacji wraz z procedur\u0105 ustalania lub zmiany kryteri\u00f3w<\/strong><\/p>\n\n\n\n<div class=\"wp-block-file\"><a id=\"wp-block-file--media-dbb34781-2b36-4cfb-97d5-767f882a1ca8\" href=\"https:\/\/lgd.com.pl\/archiwum24\/wp-content\/uploads\/2021\/02\/kryteria_wyboru_operacji_styczen_premie-2021-1.pdf\">Kryteria wyboru operacji wraz z procedur\u0105 ustalania lub zmiany kryteri\u00f3w &#8211; dokument obowi\u0105zuj\u0105cy (data publikacji 28 stycznia 2021 r.)<\/a><a href=\"https:\/\/lgd.com.pl\/archiwum24\/wp-content\/uploads\/2021\/02\/kryteria_wyboru_operacji_styczen_premie-2021-1.pdf\" class=\"wp-block-file__button wp-element-button\" download aria-describedby=\"wp-block-file--media-dbb34781-2b36-4cfb-97d5-767f882a1ca8\">Pobierz<\/a><\/div>\n\n\n\n<div class=\"wp-block-file\"><a id=\"wp-block-file--media-081d630b-654c-4460-9ce6-696ce46e237e\" href=\"https:\/\/lgd.com.pl\/archiwum24\/wp-content\/uploads\/2020\/08\/kryteria_wyboru_operacji_sierpie\u0144-2020.pdf\" target=\"_blank\" rel=\"noreferrer noopener\"><mark style=\"background-color:rgba(0, 0, 0, 0)\" class=\"has-inline-color has-vivid-purple-color\">Kryteria wyboru operacji wraz z procedur\u0105 ustalania lub zmiany kryteri\u00f3w \u2013 dokument obowi\u0105zuj\u0105cy od 12.08.2020 r.<\/mark> (data publikacji 12.08.2020 r.) dokument archiwalny<\/a><\/div>\n\n\n\n<div class=\"wp-block-file\"><a id=\"wp-block-file--media-ed73c72e-990a-4d6f-9c9b-8de2f31a5da5\" href=\"https:\/\/lgd.com.pl\/archiwum24\/wp-content\/uploads\/2020\/02\/kryteria_wyboru_operacji_luty-2020.pdf\"><mark style=\"background-color:rgba(0, 0, 0, 0)\" class=\"has-inline-color has-vivid-cyan-blue-color\">Kryteria wyboru operacji wraz z procedur\u0105 ustalania lub zmiany kryteri\u00f3w &#8211; dokument obowi\u0105zuj\u0105cy od 24.02.2020 r. do 11.08.2020 r.<\/mark><\/a><\/div>\n\n\n\n<p> <a href=\"https:\/\/lgd.com.pl\/archiwum24\/wp-content\/uploads\/2019\/07\/kryteria_wyboru_operacji_czerwiec-2019.pdf\">Kryteria wyboru operacji wraz z procedur\u0105 ustalania lub zmiany kryteri\u00f3w &#8211; dokument obowi\u0105zuj\u0105cy od 04.07.2019 r.do 24.02.2020 r.<\/a> <br><a href=\"https:\/\/lgd.com.pl\/archiwum24\/wp-content\/uploads\/2018\/10\/kryteria_wyboru_operacji_wrzesie\u0144_2018.pdf\">Kryteria wyboru operacji wraz z procedur\u0105 ustalania lub zmiany kryteri\u00f3w &#8211; dokument obowi\u0105zuj\u0105cy od 12.10.2018 r. &#8211; dokument archiwalny<\/a><br><a href=\"http:\/\/lgd.com.pl\/wp-content\/uploads\/2018\/06\/kryteria_wyboru_operacji_maj_2018.pdf\">Kryteria wyboru operacji wraz z procedur\u0105 ustalania lub zmiany kryteri\u00f3w &#8211; dokument obowi\u0105zuj\u0105cy od 30 maja 2018 r. &#8211; dokument archiwalny<\/a><br><a href=\"http:\/\/lgd.com.pl\/wp-content\/uploads\/2016\/12\/kryteria_wyboru_operacji_maj_2017.pdf\">Kryteria wyboru operacji wraz z procedur\u0105 ustalania lub zmiany kryteri\u00f3w &#8211; dokument obowi\u0105zuj\u0105cy od 7 czerwca 2017 r. do 29 maja 2018 r.&nbsp; &#8211; dokument archiwalny<\/a><br><a href=\"http:\/\/lgd.com.pl\/wp-content\/uploads\/2016\/12\/kryteria_wyboru_operacji_P.pdf\">Kryteria wyboru operacji wraz z procedur\u0105 ustalania lub zmiany kryteri\u00f3w &#8211; dokument obowi\u0105zuj\u0105cy od 7 kwietnia 2017 r. &#8211; dokument archiwalny<\/a><br><a rel=\"noreferrer noopener\" href=\"http:\/\/lgd.com.pl\/wp-content\/uploads\/2013\/01\/5_kryteria_wyboru_operacji.pdf\" target=\"_blank\">Kryteria wyboru operacji wraz z procedur\u0105 ustalania lub zmiany kryteri\u00f3w &#8211; dokument archiwalny<\/a><\/p>\n\n\n\n<p class=\"has-pale-cyan-blue-background-color has-background\"><strong>6. Opis stanowisk<\/strong><\/p>\n\n\n\n<div class=\"wp-block-file\"><a id=\"wp-block-file--media-b6636676-0376-497e-bcf7-9a4101d658ef\" href=\"https:\/\/lgd.com.pl\/archiwum24\/wp-content\/uploads\/2020\/07\/opis-stanowisk.pdf\" target=\"_blank\" rel=\"noreferrer noopener\"><mark style=\"background-color:rgba(0, 0, 0, 0)\" class=\"has-inline-color has-vivid-purple-color\">Opisy stanowisk precyzuj\u0105ce podzia\u0142 obowi\u0105zk\u00f3w i zakres odpowiedzialno\u015bci pracownik\u00f3w biura LGD. &#8211; dokument obowi\u0105zuj\u0105cy od 9 lipca 2020 r (data publikacji 9 lipca 2020 r.)<\/mark><\/a><\/div>\n\n\n\n<p class=\"has-very-dark-gray-color has-text-color\"><a href=\"http:\/\/lgd.com.pl\/wp-content\/uploads\/2016\/12\/opis-stanowisk.pdf\">Opisy stanowisk precyzuj\u0105ce podzia\u0142 obowi\u0105zk\u00f3w i zakres odpowiedzialno\u015bci pracownik\u00f3w biura LGD. &#8211; dokument obowi\u0105zuj\u0105cy od 7 kwietnia 2017 r.<\/a> do 8 lipca 2020 r. (dokument archiwalny)<\/p>\n\n\n\n<p> Opisy stanowisk precyzuj\u0105ce podzia\u0142 obowi\u0105zk\u00f3w i zakres odpowiedzialno\u015bci pracownik\u00f3w biura LGD &#8211; dokument archiwalny <\/p>\n\n\n\n<p class=\"has-pale-cyan-blue-background-color has-background\"><strong>7. Plany szkole\u0144<\/strong><\/p>\n\n\n\n<div class=\"wp-block-file\"><a id=\"wp-block-file--media-d22f9743-96dd-473a-95e2-dde1a62b49db\" href=\"https:\/\/lgd.com.pl\/archiwum24\/wp-content\/uploads\/2021\/07\/plan-szkolenczerwiec-2021.pdf\">Plany szkole\u0144 dla cz\u0142onk\u00f3w organu decyzyjnego i pracownik\u00f3w LGD \u2013 dokument obowi\u0105zuj\u0105cy od 6 lipca 2021 r. (data publikacji 6 lipca 2021 r.)<\/a><a href=\"https:\/\/lgd.com.pl\/archiwum24\/wp-content\/uploads\/2021\/07\/plan-szkolenczerwiec-2021.pdf\" class=\"wp-block-file__button wp-element-button\" download aria-describedby=\"wp-block-file--media-d22f9743-96dd-473a-95e2-dde1a62b49db\">Pobierz<\/a><\/div>\n\n\n\n<div class=\"wp-block-file\"><a id=\"wp-block-file--media-8ec3c730-7f1e-47cd-98e4-ab8edad69468\" href=\"https:\/\/lgd.com.pl\/archiwum24\/wp-content\/uploads\/2020\/12\/plan-szkolen-listopad-2020.pdf\" target=\"_blank\" rel=\"noreferrer noopener\"><mark style=\"background-color:rgba(0, 0, 0, 0)\" class=\"has-inline-color has-black-color\">Plany szkole\u0144 dla cz\u0142onk\u00f3w organu decyzyjnego i pracownik\u00f3w LGD \u2013 dokument obowi\u0105zuj\u0105cy od 4 grudnia 2020 r. (data publikacji 4 grudnia 2020 r.)<\/mark> dokument archiwalny<\/a><\/div>\n\n\n\n<div class=\"wp-block-file\"><a id=\"wp-block-file--media-b7190d0f-8fdf-410b-b03b-e0c26cad1301\" href=\"https:\/\/lgd.com.pl\/archiwum24\/wp-content\/uploads\/2020\/07\/plan-szkole\u0144-rada-i-prac.czerweic-2020.pdf\" target=\"_blank\" rel=\"noreferrer noopener\"><mark style=\"background-color:rgba(0, 0, 0, 0)\" class=\"has-inline-color has-black-color\">Plany szkole\u0144 dla cz\u0142onk\u00f3w organu decyzyjnego i pracownik\u00f3w LGD &#8211; dokument obowi\u0105zuj\u0105cy od 9 lipca 2020 r. (data publikacji 9 lipca 2020 r.)<\/mark> dokument archiwalny<\/a><\/div>\n\n\n\n<p class=\"has-very-dark-gray-color has-text-color\"><a href=\"https:\/\/lgd.com.pl\/archiwum24\/wp-content\/uploads\/2019\/06\/4.plan-szkole\u0144-rada-i-prac..pdf\">Plany szkole\u0144 dla cz\u0142onk\u00f3w organu decyzyjnego i pracownik\u00f3w LGD &#8211; dokument obowi\u0105zuj\u0105cy od 13 czerwca 2019 r.<\/a> do 8 lipca 2020 r. (dokument archiwalny)<\/p>\n\n\n\n<p> <a href=\"http:\/\/lgd.com.pl\/wp-content\/uploads\/2018\/01\/plan-szkole\u0144-2018.pdf\"><span class=\"has-inline-color has-very-dark-gray-color\">Plany szkole\u0144 dla cz\u0142onk\u00f3w organu decyzyjnego i pracownik\u00f3w LGD &#8211; dokument obowi\u0105zuj\u0105cy od 27 grudnia 201<\/span><\/a><span class=\"has-inline-color has-very-dark-gray-color\"><a href=\"http:\/\/lgd.com.pl\/wp-content\/uploads\/2018\/01\/plan-szkole\u0144-2018.pdf\">7 r.<\/a><a rel=\"noreferrer noopener\" href=\"http:\/\/lgd.com.pl\/wp-content\/uploads\/2013\/01\/7_plan_szkolen.pdf\" target=\"_blank\"> &#8211; dokument archiwalny<br><\/a><\/span><a href=\"http:\/\/lgd.com.pl\/wp-content\/uploads\/2016\/12\/plan_szkolen_2.pdf\">Plany szkole\u0144 dla cz\u0142onk\u00f3w organu decyzyjnego i pracownik\u00f3w LGD &#8211; dokument obowi\u0105zuj\u0105cy od 25 listopada 2016 r. &#8211; dokument archiwalny<\/a><span class=\"has-inline-color has-very-dark-gray-color\"><br>Plany szkole\u0144 dla cz\u0142onk\u00f3w organu decyzyjnego i pracownik\u00f3w LGD &#8211; dokument archiwalny <\/span><\/p>\n\n\n\n<p class=\"has-pale-cyan-blue-background-color has-background\"><strong>8. Procedury wyboru i oceny grantobiorc\u00f3w w ramach projekt\u00f3w grantowych<\/strong><\/p>\n\n\n\n<div class=\"wp-block-file\"><a id=\"wp-block-file--media-1e91a014-cb5a-4a85-916c-df380037fc6a\" href=\"https:\/\/lgd.com.pl\/archiwum24\/wp-content\/uploads\/2020\/10\/procedura-lipiec-2020.7z\" target=\"_blank\" rel=\"noreferrer noopener\">Procedura oceny i wyboru Grantobiorc\u00f3w wraz z opisem sposobu rozliczania grant\u00f3w, monitoringu i kontroli w ramach Projekt\u00f3w Grantowych <strong>Cz\u0119\u015b\u0107 B \u2013 dotyczy Projekt\u00f3w Grantowych realizowanych ze \u015brodk\u00f3w  Regionalnego Programu Operacyjnego Wojew\u00f3dztwa Kujawsko \u2013 Pomorskiego  na lata 2014-2020, EFRR (o\u015b 7)<\/strong><\/a><\/div>\n\n\n\n<div class=\"wp-block-file\"><a id=\"wp-block-file--media-da8b5563-eb39-469a-9202-e2f444664348\" href=\"https:\/\/lgd.com.pl\/archiwum24\/wp-content\/uploads\/2020\/02\/procedura-granty-prow-2014-2020-luty-2020.pdf\" target=\"_blank\" rel=\"noreferrer noopener\"><strong><span class=\"has-inline-color has-vivid-purple-color\"> Procedury wyboru i oceny grantobiorc\u00f3w w ramach projekt\u00f3w grantowych (cz\u0119\u015b\u0107 C dotycz\u0105ca PROW 2014-2020) \u2013 dokument obowi\u0105zuj\u0105cy od 20.02.2020 r. (data publikacji: 28.02.2020 r.) <\/span><\/strong><\/a><\/div>\n\n\n\n<div class=\"wp-block-file\"><a id=\"wp-block-file--media-8d5f74ea-3b9f-475f-a7dc-1511becbdf80\" href=\"https:\/\/lgd.com.pl\/archiwum24\/wp-content\/uploads\/2020\/02\/granty-PROW-2014-2020-luty-2020.7z\" target=\"_blank\" rel=\"noreferrer noopener\">Za\u0142\u0105czniki do Procedury wyboru i oceny grantobiorc\u00f3w w ramach projekt\u00f3w grantowych <strong>(dla cz\u0119\u015bci C dotycz\u0105cej PROW 2014-2020)<\/strong> \u2013 dokument obowi\u0105zuj\u0105cy od 20.02.2020 r. (data publikacji: 28.02.2020 r.)  <\/a><\/div>\n\n\n\n<div class=\"wp-block-file\"><a id=\"wp-block-file--media-a0545c4e-b6d3-4986-9e07-e741706a32d3\" href=\"https:\/\/lgd.com.pl\/archiwum24\/wp-content\/uploads\/2019\/11\/0.Procedura-oceny-i-wyboru-projekt\u00f3w-obj\u0119tych-grantem-EFS-pa\u017adziernik-zatwierdzona.pdf\"><strong>&#8211; Procedury wyboru i oceny grantobiorc\u00f3w w ramach projekt\u00f3w grantowych (cz\u0119\u015b\u0107 A dotycz\u0105ca EFS) &#8211; dokument obowi\u0105zuj\u0105cy od 12.11.2019 r. (data publikacji: 12.11.2019 r.)<\/strong><\/a><\/div>\n\n\n\n<div class=\"wp-block-file\"><a id=\"wp-block-file--media-1b437b3d-b29b-46ef-bb89-b8fa701b4761\" href=\"https:\/\/lgd.com.pl\/archiwum24\/wp-content\/uploads\/2019\/11\/pdf-procedura.7z\">Za\u0142\u0105czniki do Procedury wyboru i oceny grantobiorc\u00f3w w ramach projekt\u00f3w grantowych<strong> (dla cz\u0119\u015bci A dotycz\u0105cej EFS)<\/strong> &#8211; dokumenty obowi\u0105zuj\u0105ce od 12.11.2019 r. (data publikacji: 12.11.2019 r.)<\/a><\/div>\n\n\n\n<p class=\"has-very-dark-gray-color has-text-color\"><a href=\"https:\/\/lgd.com.pl\/archiwum24\/wp-content\/uploads\/2018\/10\/Procedura-oceny-i-wyboru-projekt\u00f3w-obj\u0119tych-grantem-EFS.pdf\">Procedury wyboru i oceny grantobiorc\u00f3w w ramach projekt\u00f3w grantowych &#8211; dokument obowi\u0105zuj\u0105cy od 12.10.2018 r. do 11.11.2019 r.<\/a> &#8211; dokument archiwalny<\/p>\n\n\n\n<p class=\"has-very-dark-gray-color has-text-color\"><a href=\"https:\/\/lgd.com.pl\/archiwum24\/wp-content\/uploads\/2018\/10\/granty-efs-na-stron\u0119.zip\">Za\u0142\u0105czniki do Procedury &#8211; archiwalne<\/a><\/p>\n\n\n\n<p class=\"has-very-dark-gray-color has-text-color\"><a href=\"http:\/\/lgd.com.pl\/wp-content\/uploads\/2013\/01\/8_procedura_wyboru_granty.pdf\" target=\"_blank\" rel=\"noreferrer noopener\">Procedury wyboru i oceny grantobiorc\u00f3w w ramach projekt\u00f3w grantowych &#8211; dokument archiwalny<\/a><\/p>\n\n\n\n<p class=\"has-pale-cyan-blue-background-color has-background\"><strong>9. Kryteria wyboru grantobiorc\u00f3w wraz z procedur\u0105 ustalania lub zmiany kryteri\u00f3w<\/strong><\/p>\n\n\n\n<div class=\"wp-block-file\"><a id=\"wp-block-file--media-f24a5f03-b560-4aa9-b565-e35d210d6e7d\" href=\"https:\/\/lgd.com.pl\/archiwum24\/wp-content\/uploads\/2020\/08\/kryteria_wyboru_operacji_sierpie\u0144-2020.pdf\" target=\"_blank\" rel=\"noreferrer noopener\"><mark style=\"background-color:rgba(0, 0, 0, 0)\" class=\"has-inline-color has-vivid-purple-color\">Kryteria wyboru grantobiorc\u00f3w wraz z procedur\u0105 ustalania lub zmiany kryteri\u00f3w &#8211; dokument obowi\u0105zuj\u0105cy od 12.08.2020 r.<\/mark> (data publikacji 12.08.2020 r.)<\/a><\/div>\n\n\n\n<p class=\"has-very-dark-gray-color has-text-color\"><a href=\"https:\/\/lgd.com.pl\/archiwum24\/wp-content\/uploads\/2018\/10\/kryteria_wyboru_operacji_wrzesie\u0144_2018.pdf\">Kryteria wyboru grantobiorc\u00f3w wraz z procedur\u0105 ustalania lub zmiany kryteri\u00f3w &#8211; dokument obowi\u0105zuj\u0105cy od 12.10.2018 r.<\/a>do 12.08.2020 r.<\/p>\n\n\n\n<p class=\"has-very-dark-gray-color has-text-color\"><a href=\"http:\/\/lgd.com.pl\/wp-content\/uploads\/2016\/12\/kryteria_wyboru_operacji_P.pdf\">Kryteria wyboru grantobiorc\u00f3w wraz z procedur\u0105 ustalania lub zmiany kryteri\u00f3w &#8211; dokument obowi\u0105zuj\u0105cy od 7 kwietnia 2017 r.<\/a><a rel=\"noreferrer noopener\" href=\"http:\/\/lgd.com.pl\/wp-content\/uploads\/2013\/01\/9_kryteria_wyboru_grantowbiorcow.pdf\" target=\"_blank\"> &#8211; dokument archiwalny<br>Kryteria wyboru grantobiorc\u00f3w wraz z procedur\u0105 ustalania lub zmiany kryteri\u00f3w &#8211; dokument archiwalny<\/a><\/p>\n\n\n\n<p><a href=\"http:\/\/lgd.com.pl\/wp-content\/uploads\/2018\/03\/Zestawienie-rzeczowo-finansowe.pdf\">Zestawienie rzeczowo &#8211; finansowe<\/a><\/p>\n\n\n\n<div class=\"wp-block-file\"><a id=\"wp-block-file--media-04771861-4428-4a54-b3f5-f55da3685a34\" href=\"https:\/\/lgd.com.pl\/archiwum24\/wp-content\/uploads\/2021\/12\/Projekt-wspolpracy.pdf\" target=\"_blank\" rel=\"noreferrer noopener\">Projekt wsp\u00f3\u0142pracy NOWOCZESNA PROMOCJA DZIEDZICTWA LOKALNEGO<\/a><a href=\"https:\/\/lgd.com.pl\/archiwum24\/wp-content\/uploads\/2021\/12\/Projekt-wspolpracy.pdf\" class=\"wp-block-file__button wp-element-button\" download aria-describedby=\"wp-block-file--media-04771861-4428-4a54-b3f5-f55da3685a34\">Pobierz<\/a><\/div>\n\n\n\n<p><a href=\"https:\/\/lgd.com.pl\/archiwum24\/wp-content\/uploads\/2019\/07\/Rozw\u00f3j-przedsi\u0119biorczo\u015bci-w-Powiecie-Radziejowskim.pdf\">PROJEKT GRANTOWY &#8211; Rozw\u00f3j przedsi\u0119biorczo\u015bci w Powiecie Radziejowskim<\/a><\/p>\n","protected":false},"excerpt":{"rendered":"<p>Prosz\u0119 wybra\u0107 za\u0142\u0105cznik (za\u0142\u0105czniki s\u0105 w formacie .pdf): Umowa o warunkach i sposobie realizacji strategii rozwoju lokalnego kierowanego przez spo\u0142eczno\u015b\u0107 z dnia 12 grudnia 2023 r. Umowa o warunkach i sposobie realizacji strategii rozwoju lokalnego kierowanego przez spo\u0142eczno\u015b\u0107 z dnia 19 maja 2016 r. Umowa o warunkach i sposobie realizacji strategii rozwoju lokalnego kierowanego przez [&hellip;]<\/p>\n","protected":false},"author":1,"featured_media":0,"parent":0,"menu_order":0,"comment_status":"closed","ping_status":"closed","template":"","meta":{"footnotes":""},"_links":{"self":[{"href":"https:\/\/lgd.com.pl\/archiwum24\/wp-json\/wp\/v2\/pages\/975"}],"collection":[{"href":"https:\/\/lgd.com.pl\/archiwum24\/wp-json\/wp\/v2\/pages"}],"about":[{"href":"https:\/\/lgd.com.pl\/archiwum24\/wp-json\/wp\/v2\/types\/page"}],"author":[{"embeddable":true,"href":"https:\/\/lgd.com.pl\/archiwum24\/wp-json\/wp\/v2\/users\/1"}],"replies":[{"embeddable":true,"href":"https:\/\/lgd.com.pl\/archiwum24\/wp-json\/wp\/v2\/comments?post=975"}],"version-history":[{"count":67,"href":"https:\/\/lgd.com.pl\/archiwum24\/wp-json\/wp\/v2\/pages\/975\/revisions"}],"predecessor-version":[{"id":6469,"href":"https:\/\/lgd.com.pl\/archiwum24\/wp-json\/wp\/v2\/pages\/975\/revisions\/6469"}],"wp:attachment":[{"href":"https:\/\/lgd.com.pl\/archiwum24\/wp-json\/wp\/v2\/media?parent=975"}],"curies":[{"name":"wp","href":"https:\/\/api.w.org\/{rel}","templated":true}]}}